{"id":3,"date":"2020-11-27T16:35:33","date_gmt":"2020-11-27T15:35:33","guid":{"rendered":"http:\/\/alpesfz.cluster030.hosting.ovh.net\/?page_id=3"},"modified":"2021-02-24T12:20:07","modified_gmt":"2021-02-24T11:20:07","slug":"politique-de-confidentialite","status":"publish","type":"page","link":"https:\/\/alpesfeux.fr\/index.php\/politique-de-confidentialite\/","title":{"rendered":"Mentions l\u00e9gales"},"content":{"rendered":"\n[et_pb_section fb_built=\u00a0\u00bb1&Prime; admin_label=\u00a0\u00bbsection\u00a0\u00bb _builder_version=\u00a0\u00bb3.22&Prime; custom_padding=\u00a0\u00bb82px|||||\u00a0\u00bb][et_pb_row admin_label=\u00a0\u00bbrow\u00a0\u00bb _builder_version=\u00a0\u00bb3.25&Prime; background_size=\u00a0\u00bbinitial\u00a0\u00bb background_position=\u00a0\u00bbtop_left\u00a0\u00bb background_repeat=\u00a0\u00bbrepeat\u00a0\u00bb][et_pb_column type=\u00a0\u00bb4_4&Prime; _builder_version=\u00a0\u00bb3.25&Prime; custom_padding=\u00a0\u00bb|||\u00a0\u00bb custom_padding__hover=\u00a0\u00bb|||\u00a0\u00bb][et_pb_text admin_label=\u00a0\u00bbText\u00a0\u00bb _builder_version=\u00a0\u00bb4.9.0&Prime; background_size=\u00a0\u00bbinitial\u00a0\u00bb background_position=\u00a0\u00bbtop_left\u00a0\u00bb background_repeat=\u00a0\u00bbrepeat\u00a0\u00bb hover_enabled=\u00a0\u00bb0&Prime; sticky_enabled=\u00a0\u00bb0&Prime;]<p><!-- divi:heading --><\/p>\n<p>&nbsp;<\/p>\n<h1 style=\"text-align: justify;\">MENTIONS LEGALES<\/h1>\n<p>&nbsp;<\/p>\n<h2 style=\"text-align: justify;\"><\/h2>\n<p>&nbsp;<\/p>\n<h3 style=\"text-align: justify;\">ALPES FEUX<\/h3>\n<p>&nbsp;<\/p>\n<p style=\"text-align: justify;\"><\/p>\n<p style=\"text-align: justify;\"><strong>Editeur et directeur de publication<\/strong>\u00a0: SARL ROUGE &#8211; ALPES FEUX<\/p>\n<p>&nbsp;<\/p>\n<p style=\"text-align: justify;\"><strong>Adresse<\/strong>\u00a0:\u00a0<span>7 B RUE DES LILAS 04200 PEIPIN<\/span><\/p>\n<p>&nbsp;<\/p>\n<p style=\"text-align: justify;\"><strong>T\u00e9l\u00e9phone<\/strong>\u00a0: +33 (0)4 92 62 59 05<\/p>\n<p>&nbsp;<\/p>\n<p style=\"text-align: justify;\"><strong>Email<\/strong> : <a href=\"mailto:alpesfeux04@gmail.com\" target=\"_top\" rel=\"noopener\"><span id=\"et-info-email\">alpesfeux04@gmail.com<\/span><\/a><\/p>\n<p>&nbsp;<\/p>\n<p style=\"text-align: justify;\"><strong>SIRET<\/strong>\u00a0: 88771176000025<\/p>\n<p>&nbsp;<\/p>\n<p style=\"text-align: justify;\"><strong>TVA intracommunautaire<\/strong>\u00a0:\u00a0FR01887711760<\/p>\n<p>&nbsp;<\/p>\n<p style=\"text-align: justify;\"><strong>R.C.S.<\/strong>\u00a0: FR01887711760<\/p>\n<p>&nbsp;<\/p>\n<p style=\"text-align: justify;\"><strong>H\u00e9bergement du site<\/strong>\u00a0:\u00a0<a href=\"https:\/\/www.ovh.com\/fr\/\">OVH<\/a>\u00a0\u2013\u00a02 rue Kellermann \u2013 59100 Roubaix<\/p>\n<p>&nbsp;<\/p>\n<p style=\"text-align: justify;\"><strong>Conception du site et r\u00e9alisation\u00a0<\/strong>:<span>\u00a0<\/span><a href=\"https:\/\/www.gnc.notaires.fr\/www.secoval.com\">SECOVAL Expertise &amp; Conseils<\/a>\u00a0\u2013 14 Avenue du 1er Mai, Parc d\u2019Activit\u00e9s St-Joseph, 04100 Manosque<\/p>\n<p>&nbsp;<\/p>\n<p style=\"text-align: justify;\"><strong><\/strong><\/p>\n<p>&nbsp;<\/p>\n<p style=\"text-align: justify;\"><strong>1. Propri\u00e9t\u00e9 intellectuelle et droits d\u2019utilisation<\/strong><\/p>\n<p>&nbsp;<\/p>\n<p style=\"text-align: justify;\">L\u2019\u00c9diteur est propri\u00e9taire du contenu de ce site Web. Le contenu de ce site est prot\u00e9g\u00e9 par la propri\u00e9t\u00e9 litt\u00e9raire et artistique, la convention de Berne et le code de la propri\u00e9t\u00e9 intellectuelle, Livre I. Sauf disposition expresse de la pr\u00e9sente publication concernant un fichier, un document ou un extrait pr\u00e9cis, l\u2019\u00c9diteur conc\u00e8de, par la pr\u00e9sente, le droit de visualiser, m\u00e9moriser et reproduire des exemplaires de cette publication pour les besoins personnels de l\u2019utilisateur du site. Toute reproduction, autrement que pour l\u2019usage priv\u00e9 de l\u2019utilisateur du site en vue notamment d\u2019une diffusion publique par n\u2019importe quel moyen est strictement interdite sans l\u2019autorisation pr\u00e9alable et \u00e9crite de l\u2019\u00c9diteur du site.\u00a0<span>En cons\u00e9quence, l\u2019utilisateur du site s\u2019interdit de :<\/span><\/p>\n<p>&nbsp;<\/p>\n<p style=\"text-align: justify;\">\u2013 Reproduire int\u00e9gralement ou partiellement pour vendre, distribuer, \u00e9mettre, transmettre, publier et communiquer sous quelque forme que ce soit, les donn\u00e9es ou \u0153uvres prot\u00e9g\u00e9es par le droit d\u2019auteur attach\u00e9 \u00e0 l\u2019\u0153uvre ou \u00e0 la donn\u00e9e reproduite sans autorisation \u00e9crite particuli\u00e8re et pr\u00e9alable du d\u00e9tenteur des droits d\u2019auteur attach\u00e9s \u00e0 l\u2019\u0153uvre ou \u00e0 la donn\u00e9e reproduite ;<\/p>\n<p>&nbsp;<\/p>\n<p style=\"text-align: justify;\">\u2013 R\u00e9utiliser toute information dans un but commercial ou publicitaire ;<\/p>\n<p>&nbsp;<\/p>\n<p style=\"text-align: justify;\">\u2013 Introduire des donn\u00e9es sur ce site qui modifieraient ou seraient susceptibles de modifier le contenu ou l\u2019apparence des donn\u00e9es ou \u0153uvres figurant sur ce site.<\/p>\n<p>&nbsp;<\/p>\n<p style=\"text-align: justify;\">Les mentions du droit d\u2019auteur (copyright) devront \u00eatre visibles sur chaque exemplaire de la publication que cette derni\u00e8re soit utilis\u00e9e en tout ou partie.<\/p>\n<p>&nbsp;<\/p>\n<p style=\"text-align: justify;\">Toute exploitation non autoris\u00e9e du site ou de son contenu, des informations qui y sont divulgu\u00e9es engagerait la responsabilit\u00e9 de l\u2019utilisateur et constituerait une contrefa\u00e7on sanctionn\u00e9e par les articles L 335-2 et suivants du Code de la Propri\u00e9t\u00e9 Intellectuelle.\u00a0<span>Les marques de l\u2019\u00c9diteur ainsi que les logos figurant sur le site sont prot\u00e9g\u00e9s. Toute reproduction ou repr\u00e9sentation totale ou partielle de ces marques ou de ces logos, seules ou int\u00e9gr\u00e9es \u00e0 d\u2019autres \u00e9l\u00e9ments sans l\u2019autorisation expresse et pr\u00e9alable de l\u2019\u00c9diteur est prohib\u00e9e et engagerait la responsabilit\u00e9 de l\u2019utilisateur au sens des articles L 713-2 et L 713-3 du Code de la Propri\u00e9t\u00e9 Intellectuelle.<\/span><\/p>\n<p>&nbsp;<\/p>\n<p style=\"text-align: justify;\"><strong><\/strong><\/p>\n<p>&nbsp;<\/p>\n<p style=\"text-align: justify;\"><strong>2. Informations contenues sur le site<\/strong><\/p>\n<p>&nbsp;<\/p>\n<p style=\"text-align: justify;\">Les informations communiqu\u00e9es sur ce site sont fournies \u00e0 titre indicatif, elles sont non contractuelles et ne sauraient engager la responsabilit\u00e9 de l\u2019\u00e9diteur. Elles peuvent \u00eatre modifi\u00e9es ou mises \u00e0 jour sans pr\u00e9avis. L\u2019\u00e9diteur se r\u00e9serve \u00e9galement le droit, \u00e0 tout moment et sans pr\u00e9avis, d\u2019apporter des am\u00e9liorations et\/ou modifications au site.\u00a0<span>L\u2019\u00e9diteur ne saurait \u00eatre tenu responsable d\u2019\u00e9ventuels dommages directs ou indirects pouvant d\u00e9couler de l\u2019acc\u00e8s ou utilisation de ce site. Plus g\u00e9n\u00e9ralement l\u2019\u00e9diteur n\u2019assure aucune garantie, expresse ou tacite, concernant tout, ou partie, du site.<\/span><\/p>\n<p>&nbsp;<\/p>\n<p style=\"text-align: justify;\"><strong><\/strong><\/p>\n<p>&nbsp;<\/p>\n<p style=\"text-align: justify;\"><strong>3. Politique de protection des donn\u00e9es personnelles et de gestion des cookies<\/strong><\/p>\n<p>&nbsp;<\/p>\n<p style=\"text-align: justify;\">Un \u00ab cookie \u00bb est un petit bloc de donn\u00e9es envoy\u00e9 par un serveur web et stock\u00e9 sur le terminal que vous utilisez (ordinateur ; tablette ; Smartphone). Dans les pr\u00e9f\u00e9rences de votre navigateur ou de votre appareil mobile, vous pouvez \u00e0 tout moment d\u00e9sactiver certains cookies. Cela peut cependant modifier votre navigation sur Internet et sur le site. En revanche, les cookies fonctionnels ne doivent pas \u00eatre bloqu\u00e9s car ils sont n\u00e9cessaires au fonctionnement du site.<\/p>\n<p>&nbsp;<\/p>\n<p style=\"text-align: justify;\"><!-- \/divi:heading --><!-- divi:paragraph -->Si vous avez un compte ou si vous avez laiss\u00e9 des commentaires sur le site, vous pouvez demander \u00e0 recevoir un fichier contenant toutes les donn\u00e9es personnelles que nous poss\u00e9dons \u00e0 votre sujet, incluant celles que vous nous avez fournies. Vous pouvez \u00e9galement demander la suppression des donn\u00e9es personnelles vous concernant. Cela ne prend pas en compte les donn\u00e9es stock\u00e9es \u00e0 des fins administratives, l\u00e9gales ou pour des raisons de s\u00e9curit\u00e9.<\/p>\n<p style=\"text-align: justify;\"><!-- \/divi:paragraph --><!-- divi:heading --><\/p>\n<p style=\"text-align: justify;\"><\/p>\n<p>&nbsp;<\/p>\n<p style=\"text-align: justify;\"><!-- \/divi:paragraph --><!-- divi:heading --><\/p>\n<p>&nbsp;<\/p>\n<p style=\"text-align: justify;\"><!-- \/divi:heading --><!-- divi:heading --><\/p>\n<p>&nbsp;<\/p>\n<h3><\/h3>\n<p>&nbsp;<\/p>\n<p><!-- \/divi:heading --><\/p>\n<p>&nbsp;<\/p>[\/et_pb_text][\/et_pb_column][\/et_pb_row][\/et_pb_section]\n","protected":false},"excerpt":{"rendered":"<p>&nbsp; MENTIONS LEGALES &nbsp; &nbsp; ALPES FEUX &nbsp; Editeur et directeur de publication\u00a0: SARL ROUGE &#8211; ALPES FEUX &nbsp; Adresse\u00a0:\u00a07 B RUE DES LILAS 04200 PEIPIN &nbsp; T\u00e9l\u00e9phone\u00a0: +33 (0)4 92 62 59 05 &nbsp; Email : alpesfeux04@gmail.com &nbsp; SIRET\u00a0: 88771176000025 &nbsp; TVA intracommunautaire\u00a0:\u00a0FR01887711760 &nbsp; R.C.S.\u00a0: FR01887711760 &nbsp; H\u00e9bergement du site\u00a0:\u00a0OVH\u00a0\u2013\u00a02 rue Kellermann \u2013 59100 [&hellip;]<\/p>\n","protected":false},"author":1,"featured_media":0,"parent":0,"menu_order":0,"comment_status":"closed","ping_status":"open","template":"","meta":{"_et_pb_use_builder":"on","_et_pb_old_content":"<!-- wp:heading --><h2>Qui sommes-nous\u00a0?<\/h2><!-- \/wp:heading --><!-- wp:paragraph --><p>L\u2019adresse de notre site Web est\u00a0: http:\/\/alpesfz.cluster030.hosting.ovh.net.<\/p><!-- \/wp:paragraph --><!-- wp:heading --><h2>Utilisation des donn\u00e9es personnelles collect\u00e9es<\/h2><!-- \/wp:heading --><!-- wp:heading {\"level\":3} --><h3>Commentaires<\/h3><!-- \/wp:heading --><!-- wp:paragraph --><p>Quand vous laissez un commentaire sur notre site web, les donn\u00e9es inscrites dans le formulaire de commentaire, mais aussi votre adresse IP et l\u2019agent utilisateur de votre navigateur sont collect\u00e9s pour nous aider \u00e0 la d\u00e9tection des commentaires ind\u00e9sirables.<\/p><!-- \/wp:paragraph --><!-- wp:paragraph --><p>Une cha\u00eene anonymis\u00e9e cr\u00e9\u00e9e \u00e0 partir de votre adresse de messagerie (\u00e9galement appel\u00e9e hash) peut \u00eatre envoy\u00e9e au service Gravatar pour v\u00e9rifier si vous utilisez ce dernier. Les clauses de confidentialit\u00e9 du service Gravatar sont disponibles ici\u00a0: https:\/\/automattic.com\/privacy\/. Apr\u00e8s validation de votre commentaire, votre photo de profil sera visible publiquement \u00e0 cot\u00e9 de votre commentaire.<\/p><!-- \/wp:paragraph --><!-- wp:heading {\"level\":3} --><h3>M\u00e9dias<\/h3><!-- \/wp:heading --><!-- wp:paragraph --><p>Si vous \u00eates un utilisateur ou une utilisatrice enregistr\u00e9\u00b7e et que vous t\u00e9l\u00e9versez des images sur le site web, nous vous conseillons d\u2019\u00e9viter de t\u00e9l\u00e9verser des images contenant des donn\u00e9es EXIF de coordonn\u00e9es GPS. Les visiteurs de votre site web peuvent t\u00e9l\u00e9charger et extraire des donn\u00e9es de localisation depuis ces images.<\/p><!-- \/wp:paragraph --><!-- wp:heading {\"level\":3} --><h3>Formulaires de contact<\/h3><!-- \/wp:heading --><!-- wp:heading {\"level\":3} --><h3>Cookies<\/h3><!-- \/wp:heading --><!-- wp:paragraph --><p>Si vous d\u00e9posez un commentaire sur notre site, il vous sera propos\u00e9 d\u2019enregistrer votre nom, adresse de messagerie et site web dans des cookies. C\u2019est uniquement pour votre confort afin de ne pas avoir \u00e0 saisir ces informations si vous d\u00e9posez un autre commentaire plus tard. Ces cookies expirent au bout d\u2019un an.<\/p><!-- \/wp:paragraph --><!-- wp:paragraph --><p>Si vous vous rendez sur la page de connexion, un cookie temporaire sera cr\u00e9\u00e9 afin de d\u00e9terminer si votre navigateur accepte les cookies. Il ne contient pas de donn\u00e9es personnelles et sera supprim\u00e9 automatiquement \u00e0 la fermeture de votre navigateur.<\/p><!-- \/wp:paragraph --><!-- wp:paragraph --><p>Lorsque vous vous connecterez, nous mettrons en place un certain nombre de cookies pour enregistrer vos informations de connexion et vos pr\u00e9f\u00e9rences d\u2019\u00e9cran. La dur\u00e9e de vie d\u2019un cookie de connexion est de deux jours, celle d\u2019un cookie d\u2019option d\u2019\u00e9cran est d\u2019un an. Si vous cochez \u00ab\u00a0Se souvenir de moi\u00a0\u00bb, votre cookie de connexion sera conserv\u00e9 pendant deux semaines. Si vous vous d\u00e9connectez de votre compte, le cookie de connexion sera effac\u00e9.<\/p><!-- \/wp:paragraph --><!-- wp:paragraph --><p>En modifiant ou en publiant une publication, un cookie suppl\u00e9mentaire sera enregistr\u00e9 dans votre navigateur. Ce cookie ne comprend aucune donn\u00e9e personnelle. Il indique simplement l\u2019ID de la publication que vous venez de modifier. Il expire au bout d\u2019un jour.<\/p><!-- \/wp:paragraph --><!-- wp:heading {\"level\":3} --><h3>Contenu embarqu\u00e9 depuis d\u2019autres sites<\/h3><!-- \/wp:heading --><!-- wp:paragraph --><p>Les articles de ce site peuvent inclure des contenus int\u00e9gr\u00e9s (par exemple des vid\u00e9os, images, articles\u2026). Le contenu int\u00e9gr\u00e9 depuis d\u2019autres sites se comporte de la m\u00eame mani\u00e8re que si le visiteur se rendait sur cet autre site.<\/p><!-- \/wp:paragraph --><!-- wp:paragraph --><p>Ces sites web pourraient collecter des donn\u00e9es sur vous, utiliser des cookies, embarquer des outils de suivis tiers, suivre vos interactions avec ces contenus embarqu\u00e9s si vous disposez d\u2019un compte connect\u00e9 sur leur site web.<\/p><!-- \/wp:paragraph --><!-- wp:heading {\"level\":3} --><h3>Statistiques et mesures d\u2019audience<\/h3><!-- \/wp:heading --><!-- wp:heading --><h2>Utilisation et transmission de vos donn\u00e9es personnelles<\/h2><!-- \/wp:heading --><!-- wp:heading --><h2>Dur\u00e9es de stockage de vos donn\u00e9es<\/h2><!-- \/wp:heading --><!-- wp:paragraph --><p>Si vous laissez un commentaire, le commentaire et ses m\u00e9tadonn\u00e9es sont conserv\u00e9s ind\u00e9finiment. Cela permet de reconna\u00eetre et approuver automatiquement les commentaires suivants au lieu de les laisser dans la file de mod\u00e9ration.<\/p><!-- \/wp:paragraph --><!-- wp:paragraph --><p>Pour les utilisateurs et utilisatrices qui s\u2019inscrivent sur notre site (si cela est possible), nous stockons \u00e9galement les donn\u00e9es personnelles indiqu\u00e9es dans leur profil. Tous les utilisateurs et utilisatrices peuvent voir, modifier ou supprimer leurs informations personnelles \u00e0 tout moment (\u00e0 l\u2019exception de leur nom d\u2019utilisateur\u00b7ice). Les gestionnaires du site peuvent aussi voir et modifier ces informations.<\/p><!-- \/wp:paragraph --><!-- wp:heading --><h2>Les droits que vous avez sur vos donn\u00e9es<\/h2><!-- \/wp:heading --><!-- wp:paragraph --><p>Si vous avez un compte ou si vous avez laiss\u00e9 des commentaires sur le site, vous pouvez demander \u00e0 recevoir un fichier contenant toutes les donn\u00e9es personnelles que nous poss\u00e9dons \u00e0 votre sujet, incluant celles que vous nous avez fournies. Vous pouvez \u00e9galement demander la suppression des donn\u00e9es personnelles vous concernant. Cela ne prend pas en compte les donn\u00e9es stock\u00e9es \u00e0 des fins administratives, l\u00e9gales ou pour des raisons de s\u00e9curit\u00e9.<\/p><!-- \/wp:paragraph --><!-- wp:heading --><h2>Transmission de vos donn\u00e9es personnelles<\/h2><!-- \/wp:heading --><!-- wp:paragraph --><p>Les commentaires des visiteurs peuvent \u00eatre v\u00e9rifi\u00e9s \u00e0 l\u2019aide d\u2019un service automatis\u00e9 de d\u00e9tection des commentaires ind\u00e9sirables.<\/p><!-- \/wp:paragraph --><!-- wp:heading --><h2>Informations de contact<\/h2><!-- \/wp:heading --><!-- wp:heading --><h2>Informations suppl\u00e9mentaires<\/h2><!-- \/wp:heading --><!-- wp:heading {\"level\":3} --><h3>Comment nous prot\u00e9geons vos donn\u00e9es<\/h3><!-- \/wp:heading --><!-- wp:heading {\"level\":3} --><h3>Proc\u00e9dures mises en \u0153uvre en cas de fuite de donn\u00e9es<\/h3><!-- \/wp:heading --><!-- wp:heading {\"level\":3} --><h3>Les services tiers qui nous transmettent des donn\u00e9es<\/h3><!-- \/wp:heading --><!-- wp:heading {\"level\":3} --><h3>Op\u00e9rations de marketing automatis\u00e9 et\/ou de profilage r\u00e9alis\u00e9es \u00e0 l\u2019aide des donn\u00e9es personnelles<\/h3><!-- \/wp:heading --><!-- wp:heading {\"level\":3} --><h3>Affichage des informations li\u00e9es aux secteurs soumis \u00e0 des r\u00e9gulations sp\u00e9cifiques<\/h3><!-- \/wp:heading -->","_et_gb_content_width":"","footnotes":""},"class_list":["post-3","page","type-page","status-publish","hentry"],"yoast_head":"<!-- This site is optimized with the Yoast SEO plugin v26.4 - https:\/\/yoast.com\/wordpress\/plugins\/seo\/ -->\n<title>Mentions l\u00e9gales - Alpes Feux<\/title>\n<meta name=\"robots\" content=\"index, follow, max-snippet:-1, max-image-preview:large, max-video-preview:-1\" \/>\n<link rel=\"canonical\" href=\"https:\/\/alpesfeux.fr\/index.php\/politique-de-confidentialite\/\" \/>\n<meta property=\"og:locale\" content=\"fr_FR\" \/>\n<meta property=\"og:type\" content=\"article\" \/>\n<meta property=\"og:title\" content=\"Mentions l\u00e9gales - Alpes Feux\" \/>\n<meta property=\"og:description\" content=\"&nbsp; MENTIONS LEGALES &nbsp; &nbsp; ALPES FEUX &nbsp; Editeur et directeur de publication\u00a0: SARL ROUGE - ALPES FEUX &nbsp; Adresse\u00a0:\u00a07 B RUE DES LILAS 04200 PEIPIN &nbsp; T\u00e9l\u00e9phone\u00a0: +33 (0)4 92 62 59 05 &nbsp; Email : alpesfeux04@gmail.com &nbsp; SIRET\u00a0: 88771176000025 &nbsp; TVA intracommunautaire\u00a0:\u00a0FR01887711760 &nbsp; R.C.S.\u00a0: FR01887711760 &nbsp; H\u00e9bergement du site\u00a0:\u00a0OVH\u00a0\u2013\u00a02 rue Kellermann \u2013 59100 [&hellip;]\" \/>\n<meta property=\"og:url\" content=\"https:\/\/alpesfeux.fr\/index.php\/politique-de-confidentialite\/\" \/>\n<meta property=\"og:site_name\" content=\"Alpes Feux\" \/>\n<meta property=\"article:modified_time\" content=\"2021-02-24T11:20:07+00:00\" \/>\n<meta name=\"twitter:card\" content=\"summary_large_image\" \/>\n<meta name=\"twitter:label1\" content=\"Dur\u00e9e de lecture estim\u00e9e\" \/>\n\t<meta name=\"twitter:data1\" content=\"4 minutes\" \/>\n<script type=\"application\/ld+json\" class=\"yoast-schema-graph\">{\"@context\":\"https:\/\/schema.org\",\"@graph\":[{\"@type\":\"WebPage\",\"@id\":\"https:\/\/alpesfeux.fr\/index.php\/politique-de-confidentialite\/\",\"url\":\"https:\/\/alpesfeux.fr\/index.php\/politique-de-confidentialite\/\",\"name\":\"Mentions l\u00e9gales - Alpes Feux\",\"isPartOf\":{\"@id\":\"https:\/\/alpesfeux.fr\/#website\"},\"datePublished\":\"2020-11-27T15:35:33+00:00\",\"dateModified\":\"2021-02-24T11:20:07+00:00\",\"breadcrumb\":{\"@id\":\"https:\/\/alpesfeux.fr\/index.php\/politique-de-confidentialite\/#breadcrumb\"},\"inLanguage\":\"fr-FR\",\"potentialAction\":[{\"@type\":\"ReadAction\",\"target\":[\"https:\/\/alpesfeux.fr\/index.php\/politique-de-confidentialite\/\"]}]},{\"@type\":\"BreadcrumbList\",\"@id\":\"https:\/\/alpesfeux.fr\/index.php\/politique-de-confidentialite\/#breadcrumb\",\"itemListElement\":[{\"@type\":\"ListItem\",\"position\":1,\"name\":\"Home\",\"item\":\"https:\/\/alpesfeux.fr\/\"},{\"@type\":\"ListItem\",\"position\":2,\"name\":\"Mentions l\u00e9gales\"}]},{\"@type\":\"WebSite\",\"@id\":\"https:\/\/alpesfeux.fr\/#website\",\"url\":\"https:\/\/alpesfeux.fr\/\",\"name\":\"Alpes Feux\",\"description\":\"Po\u00eales, chemin\u00e9es et accessoires\",\"potentialAction\":[{\"@type\":\"SearchAction\",\"target\":{\"@type\":\"EntryPoint\",\"urlTemplate\":\"https:\/\/alpesfeux.fr\/?s={search_term_string}\"},\"query-input\":{\"@type\":\"PropertyValueSpecification\",\"valueRequired\":true,\"valueName\":\"search_term_string\"}}],\"inLanguage\":\"fr-FR\"}]}<\/script>\n<!-- \/ Yoast SEO plugin. -->","yoast_head_json":{"title":"Mentions l\u00e9gales - Alpes Feux","robots":{"index":"index","follow":"follow","max-snippet":"max-snippet:-1","max-image-preview":"max-image-preview:large","max-video-preview":"max-video-preview:-1"},"canonical":"https:\/\/alpesfeux.fr\/index.php\/politique-de-confidentialite\/","og_locale":"fr_FR","og_type":"article","og_title":"Mentions l\u00e9gales - Alpes Feux","og_description":"&nbsp; MENTIONS LEGALES &nbsp; &nbsp; ALPES FEUX &nbsp; Editeur et directeur de publication\u00a0: SARL ROUGE - ALPES FEUX &nbsp; Adresse\u00a0:\u00a07 B RUE DES LILAS 04200 PEIPIN &nbsp; T\u00e9l\u00e9phone\u00a0: +33 (0)4 92 62 59 05 &nbsp; Email : alpesfeux04@gmail.com &nbsp; SIRET\u00a0: 88771176000025 &nbsp; TVA intracommunautaire\u00a0:\u00a0FR01887711760 &nbsp; R.C.S.\u00a0: FR01887711760 &nbsp; H\u00e9bergement du site\u00a0:\u00a0OVH\u00a0\u2013\u00a02 rue Kellermann \u2013 59100 [&hellip;]","og_url":"https:\/\/alpesfeux.fr\/index.php\/politique-de-confidentialite\/","og_site_name":"Alpes Feux","article_modified_time":"2021-02-24T11:20:07+00:00","twitter_card":"summary_large_image","twitter_misc":{"Dur\u00e9e de lecture estim\u00e9e":"4 minutes"},"schema":{"@context":"https:\/\/schema.org","@graph":[{"@type":"WebPage","@id":"https:\/\/alpesfeux.fr\/index.php\/politique-de-confidentialite\/","url":"https:\/\/alpesfeux.fr\/index.php\/politique-de-confidentialite\/","name":"Mentions l\u00e9gales - Alpes Feux","isPartOf":{"@id":"https:\/\/alpesfeux.fr\/#website"},"datePublished":"2020-11-27T15:35:33+00:00","dateModified":"2021-02-24T11:20:07+00:00","breadcrumb":{"@id":"https:\/\/alpesfeux.fr\/index.php\/politique-de-confidentialite\/#breadcrumb"},"inLanguage":"fr-FR","potentialAction":[{"@type":"ReadAction","target":["https:\/\/alpesfeux.fr\/index.php\/politique-de-confidentialite\/"]}]},{"@type":"BreadcrumbList","@id":"https:\/\/alpesfeux.fr\/index.php\/politique-de-confidentialite\/#breadcrumb","itemListElement":[{"@type":"ListItem","position":1,"name":"Home","item":"https:\/\/alpesfeux.fr\/"},{"@type":"ListItem","position":2,"name":"Mentions l\u00e9gales"}]},{"@type":"WebSite","@id":"https:\/\/alpesfeux.fr\/#website","url":"https:\/\/alpesfeux.fr\/","name":"Alpes Feux","description":"Po\u00eales, chemin\u00e9es et accessoires","potentialAction":[{"@type":"SearchAction","target":{"@type":"EntryPoint","urlTemplate":"https:\/\/alpesfeux.fr\/?s={search_term_string}"},"query-input":{"@type":"PropertyValueSpecification","valueRequired":true,"valueName":"search_term_string"}}],"inLanguage":"fr-FR"}]}},"_links":{"self":[{"href":"https:\/\/alpesfeux.fr\/index.php\/wp-json\/wp\/v2\/pages\/3","targetHints":{"allow":["GET"]}}],"collection":[{"href":"https:\/\/alpesfeux.fr\/index.php\/wp-json\/wp\/v2\/pages"}],"about":[{"href":"https:\/\/alpesfeux.fr\/index.php\/wp-json\/wp\/v2\/types\/page"}],"author":[{"embeddable":true,"href":"https:\/\/alpesfeux.fr\/index.php\/wp-json\/wp\/v2\/users\/1"}],"replies":[{"embeddable":true,"href":"https:\/\/alpesfeux.fr\/index.php\/wp-json\/wp\/v2\/comments?post=3"}],"version-history":[{"count":6,"href":"https:\/\/alpesfeux.fr\/index.php\/wp-json\/wp\/v2\/pages\/3\/revisions"}],"predecessor-version":[{"id":495,"href":"https:\/\/alpesfeux.fr\/index.php\/wp-json\/wp\/v2\/pages\/3\/revisions\/495"}],"wp:attachment":[{"href":"https:\/\/alpesfeux.fr\/index.php\/wp-json\/wp\/v2\/media?parent=3"}],"curies":[{"name":"wp","href":"https:\/\/api.w.org\/{rel}","templated":true}]}}